{"id":9,"date":"2023-05-26T11:59:50","date_gmt":"2023-05-26T09:59:50","guid":{"rendered":"https:\/\/pack.wine\/?page_id=9"},"modified":"2023-08-14T15:20:27","modified_gmt":"2023-08-14T13:20:27","slug":"business","status":"publish","type":"page","link":"https:\/\/pack.wine\/es\/empresa\/","title":{"rendered":"Empresas"},"content":{"rendered":"<p class=\"has-text-align-center has-text-color has-normal-font-size wp-block-paragraph\" style=\"color:#7c7235;font-style:normal;font-weight:400\"><strong>Los clientes particulares pueden pedir nuestros productos sin registrarse. Enviamos s\u00f3lo a la Uni\u00f3n Europea<\/strong><\/p>\n\n\n\n<hr class=\"wp-block-separator aligncenter has-alpha-channel-opacity is-style-wide\"\/>\n\n\n\n<p class=\"has-text-align-center has-text-color has-normal-font-size wp-block-paragraph\" style=\"color:#7c7235\">El registro est\u00e1 reservado a las cuentas de empresas<\/p>\n\n\n<div class=\"woocommerce\"><\/div>\n\n\n\n<hr class=\"wp-block-separator aligncenter has-alpha-channel-opacity is-style-wide\"\/>\n\n\n\n<p class=\"has-text-align-center has-text-color wp-block-paragraph\" style=\"color:#7c7235\">Para registrarse necesita un <strong>N\u00famero de IVA de la UE.<\/strong> Esto le permite hacer pedidos <strong>IVA EXCLUIDO*.<\/strong><\/p>\n\n\n\n<p class=\"has-text-align-center has-black-color has-text-color has-normal-font-size wp-block-paragraph\">*<strong>EXCEPTO AUSTRIA Y ALEMANIA<\/strong>*<\/p>\n\n\n\n<hr class=\"wp-block-separator aligncenter has-alpha-channel-opacity is-style-wide\"\/>\n\n\n\n<p class=\"has-text-align-center wp-block-paragraph\">Para crear una cuenta, escr\u00edbanos a <a href=\"mailto:business@pack.wine\">business@pack.wine<\/a><\/p>\n\n\n\n<p class=\"has-text-align-center wp-block-paragraph\">Puede comprobar la validez de su n\u00famero de IVA en el sitio web de la Comisi\u00f3n Europea <a href=\"https:\/\/ec.europa.eu\/taxation_customs\/vies\/#\/vat-validation\" target=\"_blank\" rel=\"noreferrer noopener\">VIES<\/a><\/p>\n\n\n\n<hr class=\"wp-block-separator aligncenter has-alpha-channel-opacity\"\/>","protected":false},"excerpt":{"rendered":"<p>Los clientes particulares pueden pedir nuestros productos sin registrarse. S\u00f3lo realizamos env\u00edos a la Uni\u00f3n Europea El registro est\u00e1 reservado a las cuentas comerciales Para registrarse necesita un n\u00famero de IVA v\u00e1lido en la UE. Esto le permite hacer pedidos IVA EXCLUIDO* *EXCEPTO AUSTRIA Y ALEMANIA* Para crear una cuenta por favor escr\u00edbanos a business@pack.wine Puede verificar [...]<\/p>","protected":false},"author":1,"featured_media":0,"parent":0,"menu_order":0,"comment_status":"closed","ping_status":"closed","template":"","meta":{"footnotes":""},"class_list":["post-9","page","type-page","status-publish","hentry"],"_links":{"self":[{"href":"https:\/\/pack.wine\/es\/wp-json\/wp\/v2\/pages\/9","targetHints":{"allow":["GET"]}}],"collection":[{"href":"https:\/\/pack.wine\/es\/wp-json\/wp\/v2\/pages"}],"about":[{"href":"https:\/\/pack.wine\/es\/wp-json\/wp\/v2\/types\/page"}],"author":[{"embeddable":true,"href":"https:\/\/pack.wine\/es\/wp-json\/wp\/v2\/users\/1"}],"replies":[{"embeddable":true,"href":"https:\/\/pack.wine\/es\/wp-json\/wp\/v2\/comments?post=9"}],"version-history":[{"count":1,"href":"https:\/\/pack.wine\/es\/wp-json\/wp\/v2\/pages\/9\/revisions"}],"predecessor-version":[{"id":437,"href":"https:\/\/pack.wine\/es\/wp-json\/wp\/v2\/pages\/9\/revisions\/437"}],"wp:attachment":[{"href":"https:\/\/pack.wine\/es\/wp-json\/wp\/v2\/media?parent=9"}],"curies":[{"name":"wp","href":"https:\/\/api.w.org\/{rel}","templated":true}]}}